{"id":9410,"date":"2026-09-03T16:49:15","date_gmt":"2026-09-03T13:49:15","guid":{"rendered":"https:\/\/ankos.org.tr\/?page_id=9410"},"modified":"2026-09-03T16:49:15","modified_gmt":"2026-09-03T13:49:15","slug":"20-ankos-calistayi","status":"publish","type":"page","link":"https:\/\/ankos.org.tr\/tr\/ankos_calistayi\/20-ankos-calistayi\/","title":{"rendered":"20. ANKOS \u00c7al\u0131\u015ftay\u0131"},"content":{"rendered":"<p><strong>ANKOS 20. Y\u0131ll\u0131k G\u00f6n\u00fcll\u00fc \u00c7al\u0131\u015ftay\u0131 Belgrad\u2019da Ger\u00e7ekle\u015ftirildi<\/strong><\/p>\n<p>Anadolu \u00dcniversite K\u00fct\u00fcphaneleri Konsorsiyumu (ANKOS) 20. Y\u0131ll\u0131k G\u00f6n\u00fcll\u00fc \u00c7al\u0131\u015ftay\u0131, 27-30 A\u011fustos 2026 tarihleri aras\u0131nda S\u0131rbistan\u2019\u0131n ba\u015fkenti Belgrad\u2019da, Crowne Plaza Belgrade IHG\u2019de ger\u00e7ekle\u015ftirildi.<\/p>\n<p>\u00c7al\u0131\u015ftay\u0131n \u00e7al\u0131\u015fma grubu oturumlar\u0131, ANKOS Ba\u015fkan\u0131 \u0130smail \u00c7ET\u0130NKAYA\u2019n\u0131n a\u00e7\u0131l\u0131\u015f konu\u015fmas\u0131 ve Ba\u015fkanl\u0131k Sunumu ile ba\u015flad\u0131. G\u00fcn boyunca ger\u00e7ekle\u015ftirilen oturumlarda ANKOS \u00e7al\u0131\u015fma gruplar\u0131n\u0131n y\u00fcr\u00fctt\u00fc\u011f\u00fc faaliyetler, devam eden projeler ve konsorsiyum hizmetlerinin geli\u015ftirilmesine y\u00f6nelik \u00e7al\u0131\u015fmalar ele al\u0131nd\u0131.<\/p>\n<p>\u0130lk oturumda, \u0130\u015fbirli\u011fi \u00c7al\u0131\u015fma Grubu Koordinat\u00f6r\u00fc \u00d6nder BAYIR\u2019\u0131n oturum ba\u015fkanl\u0131\u011f\u0131nda; \u0130\u015fbirli\u011fi \u00c7al\u0131\u015fma Grubunun faaliyetleri, K\u00fct\u00fcphaneleraras\u0131 \u0130\u015fbirli\u011fi Takip Sistemi (K\u0130TS) yaz\u0131l\u0131m\u0131n\u0131n g\u00fcncellenme s\u00fcreci, Ulusal Akademik Kaynak Payla\u015f\u0131m \u00c7al\u0131\u015ftay\u0131 ve Personel De\u011fi\u015fim Program\u0131 de\u011ferlendirildi. Oturumda Bahad\u0131r BARUT ve \u00c7i\u011fdem AKYOL \u00e7al\u0131\u015fma grubunun y\u00fcr\u00fctt\u00fc\u011f\u00fc faaliyet ve \u00e7al\u0131\u015fmalar hakk\u0131nda bilgi verdi.<\/p>\n<p>\u0130kinci oturum, Veritaban\u0131 De\u011ferlendirme \u00c7al\u0131\u015fma Grubu Koordinat\u00f6r\u00fc Muhammet KIZIL ba\u015fkanl\u0131\u011f\u0131nda ger\u00e7ekle\u015ftirildi. Oturum kapsam\u0131nda Veritaban\u0131 De\u011ferlendirme Grubunun faaliyetleri ile Konsorsiyum D\u00f6ng\u00fcs\u00fc Rehberi haz\u0131rlama \u00e7al\u0131\u015fmalar\u0131 ele al\u0131nd\u0131. Canan YILMAZ, Bahar ERKAN TURGUT ve \u00dcst\u00fcn Berk SEZG\u0130N taraf\u0131ndan ger\u00e7ekle\u015ftirilen sunumlarla y\u00fcr\u00fct\u00fclen \u00e7al\u0131\u015fmalar kat\u0131l\u0131mc\u0131larla payla\u015f\u0131ld\u0131.<\/p>\n<p>\u00c7al\u0131\u015ftay\u0131n \u00fc\u00e7\u00fcnc\u00fc oturumunda, \u0130statistik \u00c7al\u0131\u015fma Grubu Koordinat\u00f6r\u00fc Burak BEYG\u0130RC\u0130\u2019nin sunumuyla; \u0130statistik \u00c7al\u0131\u015fma Grubunun faaliyetleri, Electronic Resource Management System (ERM) yaz\u0131l\u0131m\u0131n\u0131n geli\u015ftirme s\u00fcreci ve ANKOS web sayfas\u0131n\u0131n yenilenmesine y\u00f6nelik \u00e7al\u0131\u015fmalar ele al\u0131nd\u0131.<\/p>\n<p>D\u00f6rd\u00fcnc\u00fc oturum, Akademi \u00c7al\u0131\u015fma Grubu Koordinat\u00f6r\u00fc Selma MERT ba\u015fkanl\u0131\u011f\u0131nda ger\u00e7ekle\u015ftirildi. Akademi \u00c7al\u0131\u015fma Grubunun faaliyetleri ve e\u011fitim programlar\u0131n\u0131n ele al\u0131nd\u0131\u011f\u0131 oturumda Cem \u00d6ZEL taraf\u0131ndan grubun \u00e7al\u0131\u015fmalar\u0131 hakk\u0131nda bilgi verildi.<\/p>\n<p>Be\u015finci oturumda, Lisans Anla\u015fmalar\u0131 \u00c7al\u0131\u015fma Grubu Koordinat\u00f6r\u00fc \u00c7i\u011fdem S\u00d6NMEZ\u2019in oturum ba\u015fkanl\u0131\u011f\u0131nda; Lisans Anla\u015fmalar\u0131 \u00c7al\u0131\u015fma Grubunun faaliyetleri, T\u00fcrkiye men\u015feili elektronik bilgi kaynaklar\u0131n\u0131n lisans anla\u015fmalar\u0131n\u0131n standartla\u015ft\u0131r\u0131lmas\u0131 ve Tek Yetki Belgesi s\u00fcre\u00e7leri de\u011ferlendirildi. Ece TUFANYAZICI, \u0130lknur ER\u015eEN AYDIN ve Gazi CEREN y\u00fcr\u00fct\u00fclen \u00e7al\u0131\u015fmalar\u0131 kat\u0131l\u0131mc\u0131larla payla\u015ft\u0131.<\/p>\n<p>Halkla \u0130li\u015fkiler \u00c7al\u0131\u015fma Grubuna ayr\u0131lan alt\u0131nc\u0131 oturum davetli konu\u015fmac\u0131 Gazi \u00dcniversitesi K\u00fct\u00fcphane ve Dok\u00fcmantasyon Daire Ba\u015fkan\u0131 Nur UZUN ba\u015fkanl\u0131\u011f\u0131nda ger\u00e7ekle\u015ftirildi. Oturumda \u00e7al\u0131\u015fma grubunun faaliyetlerinin yan\u0131 s\u0131ra ANKOS sosyal medya hesaplar\u0131n\u0131n g\u00f6r\u00fcn\u00fcrl\u00fc\u011f\u00fcn\u00fcn art\u0131r\u0131lmas\u0131na y\u00f6nelik yap\u0131labilecek \u00e7al\u0131\u015fmalar ele al\u0131nd\u0131. Nurg\u00fcl KILI\u00c7, Gaye KOCAT\u00dcRK ve M\u00fccahit \u00d6ZDEM\u0130R taraf\u0131ndan ger\u00e7ekle\u015ftirilen sunumlarda grubun y\u00fcr\u00fctt\u00fc\u011f\u00fc \u00e7al\u0131\u015fmalar aktar\u0131ld\u0131.<\/p>\n<p>\u00c7al\u0131\u015ftay\u0131n son oturumunda ise ANKOS Ba\u015fkan\u0131 \u0130smail \u00c7ET\u0130NKAYA\u2019n\u0131n oturum ba\u015fkanl\u0131\u011f\u0131nda ANKOSLink2026 Uluslararas\u0131 Konferans\u0131 haz\u0131rl\u0131klar\u0131 de\u011ferlendirildi. Nurg\u00fcl KILI\u00c7, Nihal SEL\u00c7UK Y\u00dcCE ve Volkan \u00d6ZVATAN taraf\u0131ndan konferans program\u0131 ve web sayfas\u0131 ile transfer, konaklama, kay\u0131t, stand alan\u0131 ve sponsorluk \u00e7al\u0131\u015fmalar\u0131na ili\u015fkin bilgiler payla\u015f\u0131ld\u0131.<\/p>\n<p>ANKOS 20. Y\u0131ll\u0131k \u00c7al\u0131\u015ftay\u0131, ger\u00e7ekle\u015ftirilen oturumlar\u0131n ard\u0131ndan yap\u0131lan genel de\u011ferlendirme ve kapan\u0131\u015f ile tamamland\u0131.<\/p>\n","protected":false},"excerpt":{"rendered":"<p>ANKOS 20. Y\u0131ll\u0131k G\u00f6n\u00fcll\u00fc \u00c7al\u0131\u015ftay\u0131 Belgrad\u2019da Ger\u00e7ekle\u015ftirildi Anadolu \u00dcniversite K\u00fct\u00fcphaneleri Konsorsiyumu (ANKOS) 20. Y\u0131ll\u0131k G\u00f6n\u00fcll\u00fc \u00c7al\u0131\u015ftay\u0131, 27-30 A\u011fustos 2026 tarihleri aras\u0131nda S\u0131rbistan\u2019\u0131n ba\u015fkenti Belgrad\u2019da, Crowne Plaza<span class=\"excerpt-hellip\"> [\u2026]<\/span><\/p>\n","protected":false},"author":2,"featured_media":-1,"parent":2567,"menu_order":0,"comment_status":"closed","ping_status":"closed","template":"","meta":{"footnotes":""},"categories":[],"tags":[],"class_list":["post-9410","page","type-page","status-publish","has-post-thumbnail","hentry"],"_links":{"self":[{"href":"https:\/\/ankos.org.tr\/tr\/wp-json\/wp\/v2\/pages\/9410","targetHints":{"allow":["GET"]}}],"collection":[{"href":"https:\/\/ankos.org.tr\/tr\/wp-json\/wp\/v2\/pages"}],"about":[{"href":"https:\/\/ankos.org.tr\/tr\/wp-json\/wp\/v2\/types\/page"}],"author":[{"embeddable":true,"href":"https:\/\/ankos.org.tr\/tr\/wp-json\/wp\/v2\/users\/2"}],"replies":[{"embeddable":true,"href":"https:\/\/ankos.org.tr\/tr\/wp-json\/wp\/v2\/comments?post=9410"}],"version-history":[{"count":1,"href":"https:\/\/ankos.org.tr\/tr\/wp-json\/wp\/v2\/pages\/9410\/revisions"}],"predecessor-version":[{"id":9411,"href":"https:\/\/ankos.org.tr\/tr\/wp-json\/wp\/v2\/pages\/9410\/revisions\/9411"}],"up":[{"embeddable":true,"href":"https:\/\/ankos.org.tr\/tr\/wp-json\/wp\/v2\/pages\/2567"}],"wp:attachment":[{"href":"https:\/\/ankos.org.tr\/tr\/wp-json\/wp\/v2\/media?parent=9410"}],"wp:term":[{"taxonomy":"category","embeddable":true,"href":"https:\/\/ankos.org.tr\/tr\/wp-json\/wp\/v2\/categories?post=9410"},{"taxonomy":"post_tag","embeddable":true,"href":"https:\/\/ankos.org.tr\/tr\/wp-json\/wp\/v2\/tags?post=9410"}],"curies":[{"name":"wp","href":"https:\/\/api.w.org\/{rel}","templated":true}]}}